{"id":20,"date":"2017-06-21T12:51:47","date_gmt":"2017-06-21T12:51:47","guid":{"rendered":"http:\/\/195.114.1.23\/~abisynia\/?page_id=20"},"modified":"2020-05-11T16:59:10","modified_gmt":"2020-05-11T14:59:10","slug":"a-homepage-section","status":"publish","type":"page","link":"https:\/\/abisynia.org\/?page_id=20","title":{"rendered":"Abisynia \u2013 historia osiedla"},"content":{"rendered":"<p>Jeszcze na pocz\u0105tku lat trzydziestych XX wieku zachodnie granice Poznania przebiega\u0142y w okolicy Ostroroga. Dalej rozci\u0105ga\u0142y si\u0119 ju\u017c pola uprawne, oczka wodne i pojedyncze domy przytulone do obserwatorium astronomicznego.<\/p>\n<p>W miejscu, gdzie dzisiaj stoj\u0105 wille z pi\u0119knymi ogrodami ros\u0142o \u017cyto i bieg\u0142a piaszczysta droga \u0142\u0105cz\u0105ca ul. Palacza z Ptasi\u0105. Ten krajobraz uleg\u0142 radykalnej przemianie na prze\u0142omie 35\/56 roku.<\/p>\n<p><code><span class=\"collapseomatic \" id=\"id69ee1c709e9e0\"  tabindex=\"0\" title=\"czytaj wi\u0119cej...\"    >czytaj wi\u0119cej...<\/span><div id=\"target-id69ee1c709e9e0\" class=\"collapseomatic_content \"><\/code><\/p>\n<p>W\u00f3wczas, w ci\u0105gu zaledwie kilkunastu miesi\u0119cy, zbudowano 90 dom\u00f3w. Prace post\u0119powa\u0142y szybko, bo pieni\u0105dze p\u0142yn\u0119\u0142y szerokim strumieniem z Banku Gospodarstwa Krajowego, kt\u00f3ry udziela\u0142 inwestorom po\u017cyczek. Nowe domy stawiono wzd\u0142u\u017c ulic nosz\u0105cych nobliwe nazwy takie jak Podkomorska, Senatorska, Kasztela\u0144ska czy Kanclerska. Oficjalnie osiedle zyska\u0142o miano Osiedla Kasztelan\u00f3w. Jednak to nie ta nazwa by\u0142a najcz\u0119\u015bciej u\u017cywana przez mieszka\u0144c\u00f3w. Gdy pod koniec roku 1935 ruszy\u0142a budowa wojna abisy\u0144ska rozgorza\u0142a na dobre. Militarne posuni\u0119cia Mussoliniego i cesarza Hajle Syllasje by\u0142y komentowane na pierwszych stronach gazet. Abisynia sta\u0142a si\u0119 modna. W \u015bwiadomo\u015bci poznaniak\u00f3w szybko narodzi\u0142o skojarzenie \u0142\u0105cz\u0105ce piaszczyste i po\u0142o\u017cone na skraju miasta tereny osiedla z nazw\u0105 afryka\u0144skiego pa\u0144stwa. Wra\u017cenie pewnej egzotyczno\u015bci pot\u0119gowa\u0142a te\u017c architektura. W\u015br\u00f3d bia\u0142ych, kostek rozrzuconych na \u017c\u00f3\u0142tym piasku mo\u017cna by\u0142o poczu\u0107 si\u0119 jak w Mogadiszu albo Addis Abebie. Abisynia by\u0142a pierwszym w Poznaniu osiedlem, kt\u00f3re zosta\u0142o zbudowane wed\u0142ug \u015bci\u015ble modernistycznych regu\u0142. Specjalne ministerialne zarz\u0105dzenie okre\u015bla\u0142o wysoko\u015b\u0107 p\u0142ot\u00f3w, kolor tynk\u00f3w czy rodzaj zastosowanego klinkieru. Domy projektowali \u015bwietni pozna\u0144scy architekci min. tacy jak Janina Czarnecka, Jan Ochota, Mieczys\u0142aw B\u0105kowski, Aleksander Holas czy Adam Ballenstedt.<\/p>\n<p>Za\u0142o\u017cenie urbanistyczne nowego osiedla powsta\u0142o w Wydziale Rozbudowy Miasta, kt\u00f3remu szefowa\u0142 s\u0142ynny W\u0142adys\u0142aw Czarnecki. Autorami planu byli Miruta S\u0142o\u0144ska i jej m\u0105\u017c Kazimierz Gawro\u0144ski, dwoje m\u0142odych architekt\u00f3w z Warszawy zatrudnionych w pozna\u0144skiej pracowni. Niekt\u00f3rzy \u017cartuj\u0105, \u017ce rzut osiedla przypomina z lotu ptaka logo Adidasa, ale w 20 leciu mi\u0119dzywojennym kojarzy\u0142 si\u0119 raczej z \u017caglem statku. Uko\u015bnie wytyczone ulice uj\u0119te w tr\u00f3jk\u0105tn\u0105 ram\u0119 ulic Marsza\u0142kowskiej, Grunwaldzkiej i Bu\u0142garskiej sta\u0142 si\u0119 inspiracj\u0105 dla stworzenia logo naszego Stowarzyszenia. Pewien dynamizm ukryty w planie Abisynii dobrze koresponduje z charakterem mieszka\u0144c\u00f3w. Budowali tutaj swe wille lub wynajmowali mieszkania ludzie wykszta\u0142ceni i aktywni, cz\u0119sto jeszcze przed czterdziestk\u0105. Tacy, kt\u00f3rzy chcieli kszta\u0142towa\u0107 swoje \u017cycie i otaczaj\u0105cy ich \u015bwiat. Mieszkali tu m\u0142odzi przedstawiciele inteligencji, urz\u0119dnicy, finansi\u015bci, in\u017cynierowie i humani\u015bci. W\u015br\u00f3d nich wybitny socjolog prof. Florian Znaniecki, doktor i dzia\u0142acz konspiracji Franciszek Witaszek, mikrobiolog J\u00f3zef Wiza, malarz Adam Batycki, prezes fabryki Maggi Artur Bredschneider czy projektant mebli i architekt Edmund W\u0119c\u0142awski.<\/p>\n<p>Gdy wybuch\u0142a wojna na miejsce wysiedlonych polskich w\u0142a\u015bcicieli wprowadzili si\u0119 Niemcy ba\u0142tyccy sprowadzeni przez okupacyjne w\u0142adze do Kraju Warty. Go\u015bcie z Talina czy Rygi reprezentowali r\u00f3\u017cne \u015brodowiska i zawody. Byli w\u015br\u00f3d nich zbrodniarze wojenni z SS tacy jak baron Andreas von Koskull czy Egon Erzum, ale tak\u017ce wybitni arty\u015bci jak grafik Hubert von Osten-Sacken. Do jednej z willi przy ul. Podkomorskiej, zaj\u0119tej przez by\u0142ego gda\u0144skiego senatora Paula Batzera wpada\u0142 czasami jego przyjaciel namiestnik Arthur Greiser, by napi\u0107 si\u0119 nieco bia\u0142ego wina i poopala\u0107 si\u0119 w ogrodzie. Po zako\u0144czeniu dzia\u0142a\u0144 wojennych mieszka\u0144cy powr\u00f3cili do cz\u0119\u015bciowo zrujnowanych i rozszabrowanych dom\u00f3w, jednak mogli zapomnie\u0107 o szybkim powrocie do normalno\u015bci. Przez ponad rok dzieli swoje wille z oficerami Armii Czerwonej, kt\u00f3rych dokwaterowa\u0142y im w\u0142adze miasta i pozna\u0144skiego garnizonu. Byli to przede wszystkim \u0142\u0105czno\u015bciowcy i lotnicy, kt\u00f3rzy pracowali na pobliskiej \u0141awicy. Niegdy\u015b pe\u0142ne kwiat\u00f3w ogrody przekopywano i sadzono tam warzywa, by uzupe\u0142ni\u0107 braki w aprowizacji. Na jednej z dzia\u0142ek przy ul. Kanclerskiej pas\u0142y si\u0119 nawet krowy, a po drugiej stronie Bu\u0142garskiej rozbijali zim\u0105 swoje obozowiska Cyganie. Ten rolniczy krajobraz zacz\u0105\u0142 si\u0119 zmienia\u0107 w po\u0142owie lat 50. Wtedy ruszy\u0142a budowa bli\u017aniaczych dom\u00f3w wzd\u0142u\u017c ulic Trybunalskiej, Bu\u0142garskiej i Grunwaldzkiej. Za t\u0105 inicjatyw\u0105 sta\u0142 Bronis\u0142aw Kusza, dyrektor Pa\u0144stwowego Przedsi\u0119biorstwa Budowlanego i to od jego nazwiska zacz\u0119to przezywa\u0107 t\u0105 cz\u0119\u015b\u0107 Abisynii Kuszewem. Stopniowo zabudowywano tak\u017ce tereny po\u0142o\u017cone na p\u00f3\u0142noc od ul. Marsza\u0142kowskiej oraz wzd\u0142u\u017c ul. Kanclerskiej. One tak\u017ce zyska\u0142y sw\u00f3j przydomek. \u017bartobliwie i nie bez powodu nazywano je M\u0105dralinem. Zamieszkali tam bowiem cz\u0142onkowie uniwersyteckiej sp\u00f3\u0142dzielni, w\u015br\u00f3d nich tacy profesorowie jak Gerard Labuda, Ludwik Zabrocki, Jan Czekanowski czy Zbigniew Zakrzewski.<\/p>\n<p>Nie brakowa\u0142o te\u017c artyst\u00f3w. Po wojnie na Abisynii osiedlali si\u0119 na sta\u0142e lub pomieszkiwali: tancerz Conrad Drzewiecki, altowiolista Stefan Kamasa, jazzman Jan Ptaszyn Wr\u00f3blewski czy \u015bpiewaczka operowa Wanda Jakubowska.<\/p>\n<p>Pocz\u0105tek lat sze\u015b\u0107dziesi\u0105tych to okres b\u0142yskawicznych przeobra\u017ce\u0144 urbanistycznych w okolicy. Wzd\u0142u\u017c ul. Marsza\u0142kowskiej stoj\u0105 ju\u017c bloki Sp\u00f3\u0142dzielni Mieszkaniowej Grunwald, a nowe powstaj\u0105 wzd\u0142u\u017c Cze\u015bnikowskiej. Wy\u0142o\u017con\u0105 klinkierem Grunwaldzk\u0105 zamieniono w dwujezdniow\u0105 arteri\u0119, wycinaj\u0105c przy okazji rosn\u0105c wzd\u0142u\u017c ulicy majestatyczne wi\u0105zy. Przy ul. Grochowskiej wyrasta elegancki wie\u017cowiec projektu Jana Wellengera a w powsta\u0142ych u jego podn\u00f3\u017ca pawilonach handlowych niejeden abisy\u0144czyk zakupi\u0142 swoj\u0105 pierwsz\u0105 w \u017cyciu pralk\u0119 Frani\u0119 czy modny ortalionowy p\u0142aszcz. W latach siedemdziesi\u0105tych powstaje stadion Lecha przy Bu\u0142garskiej. Zasypano wszystkie mieszcz\u0105ce si\u0119 tam stawy k\u0142ad\u0105c tym samym kres letnim k\u0105pielom i zimowej je\u017adzie na \u0142y\u017cwach. Kolejne lata przynosz\u0105 budow\u0119 nowego ko\u015bcio\u0142a pw. \u015aw. Jana Kantego, kt\u00f3ry zaprojektowa\u0142 mieszkaniec ul. Podkomorskiej Jan W\u0119c\u0142awski, a tak\u017ce szk\u00f3\u0142 takich jak Technikum Gastronomiczne czy Liceum Ekonomiczne.<\/p>\n<p>Dzisiaj osiedle Kasztelan\u00f3w, zwane wci\u0105\u017c przez mieszka\u0144c\u00f3w Abisyni\u0105, otoczone jest ruchliwymi ulicami i coraz wy\u017cszymi apartamentowcami. Nie straci\u0142o jednak swojego uroku i charakteru. Wje\u017cd\u017caj\u0105cych w osiedlowe uliczki wita szpaler jesion\u00f3w, stare hydranty i resztki s\u0142up\u00f3w po gazowych latarniach. Z ogrod\u00f3w wylewa si\u0119 ziele\u0144, a wiele dom\u00f3w nadal zachwyca swoj\u0105 architektur\u0105. Osadzona w tradycji Abisynia nie jest jednak skansenem. Wci\u0105\u017c mieszkaj\u0105 tutaj ludzie aktywni, kt\u00f3rym nie jest oboj\u0119tne to, jak wygl\u0105da przestrze\u0144 wok\u00f3\u0142 nich i kt\u00f3rzy chc\u0105 zmienia\u0107 swoje s\u0105siedztwo i tym samym miasto na lepsze. Ludzie kt\u00f3rych \u0142\u0105czy mi\u0142o\u015b\u0107 do tego fyrtla.<\/p>\n<p>Aleksander Przybylski<\/p>\n<p><code><\/div><\/code><\/p>\n","protected":false},"excerpt":{"rendered":"<p>Jeszcze na pocz\u0105tku lat trzydziestych XX wieku zachodnie granice Poznania przebiega\u0142y w okolicy Ostroroga. Dalej rozci\u0105ga\u0142y si\u0119 ju\u017c pola uprawne, oczka wodne i pojedyncze domy przytulone do obserwatorium astronomicznego. W miejscu, gdzie dzisiaj stoj\u0105 wille z pi\u0119knymi ogrodami ros\u0142o \u017cyto i bieg\u0142a piaszczysta droga \u0142\u0105cz\u0105ca ul. Palacza z Ptasi\u0105. Ten krajobraz uleg\u0142 radykalnej przemianie na &hellip; <\/p>\n<p class=\"link-more\"><a href=\"https:\/\/abisynia.org\/?page_id=20\" class=\"more-link\">Czytaj dalej<span class=\"screen-reader-text\"> \u201eAbisynia \u2013 historia osiedla\u201d<\/span><\/a><\/p>\n","protected":false},"author":1,"featured_media":93,"parent":0,"menu_order":0,"comment_status":"closed","ping_status":"closed","template":"","meta":{"footnotes":""},"class_list":["post-20","page","type-page","status-publish","has-post-thumbnail","hentry"],"_links":{"self":[{"href":"https:\/\/abisynia.org\/index.php?rest_route=\/wp\/v2\/pages\/20","targetHints":{"allow":["GET"]}}],"collection":[{"href":"https:\/\/abisynia.org\/index.php?rest_route=\/wp\/v2\/pages"}],"about":[{"href":"https:\/\/abisynia.org\/index.php?rest_route=\/wp\/v2\/types\/page"}],"author":[{"embeddable":true,"href":"https:\/\/abisynia.org\/index.php?rest_route=\/wp\/v2\/users\/1"}],"replies":[{"embeddable":true,"href":"https:\/\/abisynia.org\/index.php?rest_route=%2Fwp%2Fv2%2Fcomments&post=20"}],"version-history":[{"count":9,"href":"https:\/\/abisynia.org\/index.php?rest_route=\/wp\/v2\/pages\/20\/revisions"}],"predecessor-version":[{"id":122,"href":"https:\/\/abisynia.org\/index.php?rest_route=\/wp\/v2\/pages\/20\/revisions\/122"}],"wp:featuredmedia":[{"embeddable":true,"href":"https:\/\/abisynia.org\/index.php?rest_route=\/wp\/v2\/media\/93"}],"wp:attachment":[{"href":"https:\/\/abisynia.org\/index.php?rest_route=%2Fwp%2Fv2%2Fmedia&parent=20"}],"curies":[{"name":"wp","href":"https:\/\/api.w.org\/{rel}","templated":true}]}}